	{"id":15964,"date":"2017-09-07T13:09:53","date_gmt":"2017-09-07T11:09:53","guid":{"rendered":"http:\/\/demowp001.stamyna.com\/?page_id=15964\/"},"modified":"2017-11-30T09:06:24","modified_gmt":"2017-11-30T08:06:24","slug":"news","status":"publish","type":"page","link":"https:\/\/www.krupps.com\/fr\/news\/","title":{"rendered":"News"},"content":{"rendered":"<div class=\"wpb-content-wrapper\"><p>[vc_row type=\u00a0\u00bbvc_default\u00a0\u00bb][vc_column]<style type=\"text\/css\" data-type=\"the7_shortcodes-inline-css\">.blog-shortcode.blog-list-shortcode-id-7b46641dfb01e3dd9c0cde3ef6ada5f4.centered-layout-list article {\n  padding: 0px 0px 70px 0px;\n}\n.blog-shortcode.blog-list-shortcode-id-7b46641dfb01e3dd9c0cde3ef6ada5f4.dividers-on.centered-layout-list article {\n  padding-top: 0px;\n  margin-top: 60px;\n}\n.blog-shortcode.blog-list-shortcode-id-7b46641dfb01e3dd9c0cde3ef6ada5f4.dividers-on.centered-layout-list article:first-of-type {\n  margin-top: 0;\n  padding-top: 0px;\n}\n.blog-shortcode.blog-list-shortcode-id-7b46641dfb01e3dd9c0cde3ef6ada5f4.centered-layout-list .post-entry-title-content {\n  width: 60%;\n}\n.blog-shortcode.blog-list-shortcode-id-7b46641dfb01e3dd9c0cde3ef6ada5f4.centered-layout-list .post-entry-content {\n  width: 60%;\n}\n.blog-shortcode.blog-list-shortcode-id-7b46641dfb01e3dd9c0cde3ef6ada5f4.centered-layout-list.dividers-on .post-entry-content:after {\n  width: calc(60% - 0px - 0px);\n}\n.blog-shortcode.blog-list-shortcode-id-7b46641dfb01e3dd9c0cde3ef6ada5f4 .paginator {\n  margin-top: 30px;\n}\n.blog-shortcode.blog-list-shortcode-id-7b46641dfb01e3dd9c0cde3ef6ada5f4 .filter-bg-decoration .filter-categories a.act {\n  color: #fff;\n}\n.blog-shortcode.blog-list-shortcode-id-7b46641dfb01e3dd9c0cde3ef6ada5f4:not(.mode-masonry) article {\n  margin-top: 60px;\n}\n.blog-shortcode.blog-list-shortcode-id-7b46641dfb01e3dd9c0cde3ef6ada5f4:not(.mode-masonry) article:first-of-type,\n.blog-shortcode.blog-list-shortcode-id-7b46641dfb01e3dd9c0cde3ef6ada5f4:not(.mode-masonry) article.visible.first:not(.product) {\n  margin-top: 0;\n}\n.blog-shortcode.blog-list-shortcode-id-7b46641dfb01e3dd9c0cde3ef6ada5f4.dividers-on:not(.mode-masonry) article {\n  margin-top: 0;\n  padding-top: 60px;\n}\n.blog-shortcode.blog-list-shortcode-id-7b46641dfb01e3dd9c0cde3ef6ada5f4.dividers-on:not(.mode-masonry) article:first-of-type,\n.blog-shortcode.blog-list-shortcode-id-7b46641dfb01e3dd9c0cde3ef6ada5f4.dividers-on:not(.mode-masonry) article.visible.first:not(.product) {\n  margin-top: 0;\n  padding-top: 0;\n}\n.blog-shortcode.blog-list-shortcode-id-7b46641dfb01e3dd9c0cde3ef6ada5f4 .post-thumbnail-wrap {\n  padding: 0px 0px 30px 0px;\n}\n.blog-shortcode.blog-list-shortcode-id-7b46641dfb01e3dd9c0cde3ef6ada5f4.enable-bg-rollover .post-thumbnail-rollover:after {\n  background: -webkit-linear-gradient();\n  background: linear-gradient();\n}\n.blog-shortcode.blog-list-shortcode-id-7b46641dfb01e3dd9c0cde3ef6ada5f4 .gallery-zoom-ico {\n  width: 44px;\n  height: 44px;\n  line-height: 44px;\n  border-radius: 100px;\n  margin: -22px 0 0 -22px;\n  border-width: 0px;\n  color: #ffffff;\n}\n.bottom-overlap-layout-list.blog-shortcode.blog-list-shortcode-id-7b46641dfb01e3dd9c0cde3ef6ada5f4 .gallery-zoom-ico {\n  margin-top: -22px;\n}\n.gradient-overlay-layout-list.blog-shortcode.blog-list-shortcode-id-7b46641dfb01e3dd9c0cde3ef6ada5f4 .gallery-zoom-ico,\n.content-rollover-layout-list.blog-shortcode.blog-list-shortcode-id-7b46641dfb01e3dd9c0cde3ef6ada5f4 .gallery-zoom-ico {\n  margin: 0 0 10px;\n}\n.content-align-center.gradient-overlay-layout-list.blog-shortcode.blog-list-shortcode-id-7b46641dfb01e3dd9c0cde3ef6ada5f4 .gallery-zoom-ico,\n.content-align-center.content-rollover-layout-list.blog-shortcode.blog-list-shortcode-id-7b46641dfb01e3dd9c0cde3ef6ada5f4 .gallery-zoom-ico {\n  margin: 0 auto 10px;\n}\n.dt-icon-bg-on.blog-shortcode.blog-list-shortcode-id-7b46641dfb01e3dd9c0cde3ef6ada5f4 .gallery-zoom-ico {\n  background: rgba(255,255,255,0.3);\n  box-shadow: none;\n}\n.blog-shortcode.blog-list-shortcode-id-7b46641dfb01e3dd9c0cde3ef6ada5f4 .gallery-zoom-ico > span,\n.blog-shortcode.blog-list-shortcode-id-7b46641dfb01e3dd9c0cde3ef6ada5f4 .gallery-zoom-ico:before {\n  font-size: 32px;\n  line-height: 44px;\n}\n.blog-shortcode.blog-list-shortcode-id-7b46641dfb01e3dd9c0cde3ef6ada5f4 .gallery-zoom-ico > span,\n.blog-shortcode.blog-list-shortcode-id-7b46641dfb01e3dd9c0cde3ef6ada5f4 .gallery-zoom-ico:before {\n  color: #ffffff;\n}\n.blog-shortcode.blog-list-shortcode-id-7b46641dfb01e3dd9c0cde3ef6ada5f4 .fancy-date a {\n  background: #1dc5f3;\n  box-shadow: none;\n}\n.blog-shortcode.blog-list-shortcode-id-7b46641dfb01e3dd9c0cde3ef6ada5f4 .fancy-date a * {\n  color: #ffffff;\n}\n.blog-shortcode.blog-list-shortcode-id-7b46641dfb01e3dd9c0cde3ef6ada5f4 .fancy-date a .entry-month:after,\n.blog-shortcode.blog-list-shortcode-id-7b46641dfb01e3dd9c0cde3ef6ada5f4 .fancy-date a .entry-date:after {\n  background: #ffffff;\n  box-shadow: none;\n}\n.blog-shortcode.blog-list-shortcode-id-7b46641dfb01e3dd9c0cde3ef6ada5f4 .entry-title,\n.blog-shortcode.blog-list-shortcode-id-7b46641dfb01e3dd9c0cde3ef6ada5f4.owl-carousel .entry-title {\n  margin-bottom: 10px;\n  font-size: 34px;\n  line-height: 44px;\n  font-weight: bold;\n}\n.blog-shortcode.blog-list-shortcode-id-7b46641dfb01e3dd9c0cde3ef6ada5f4 .entry-meta {\n  margin-bottom: 30px;\n}\n.blog-shortcode.blog-list-shortcode-id-7b46641dfb01e3dd9c0cde3ef6ada5f4 .entry-meta * {\n  font-size: 13px;\n  line-height: 25px;\n}\n.blog-shortcode.blog-list-shortcode-id-7b46641dfb01e3dd9c0cde3ef6ada5f4 .portfolio-categories {\n  margin-bottom: 30px;\n}\n.blog-shortcode.blog-list-shortcode-id-7b46641dfb01e3dd9c0cde3ef6ada5f4 .entry-excerpt {\n  margin-bottom: 15px;\n  font-size: 14px;\n  line-height: 26px;\n}\n.blog-shortcode.blog-list-shortcode-id-7b46641dfb01e3dd9c0cde3ef6ada5f4:not(.centered-layout-list) .post-entry-content {\n  padding: 0px 0px 70px 0px;\n}\n.blog-shortcode.blog-list-shortcode-id-7b46641dfb01e3dd9c0cde3ef6ada5f4:not(.centered-layout-list):not(.content-bg-on):not(.mode-list) .no-img .post-entry-content {\n  padding: 0;\n}\n@media screen and (max-width: 768px) {\n  .blog-shortcode.blog-list-shortcode-id-7b46641dfb01e3dd9c0cde3ef6ada5f4 article {\n    -ms-flex-flow: column nowrap;\n    flex-flow: column nowrap;\n    margin-top: 20px;\n  }\n  .blog-shortcode.blog-list-shortcode-id-7b46641dfb01e3dd9c0cde3ef6ada5f4.dividers-on article {\n    border: none;\n  }\n  .blog-shortcode.blog-list-shortcode-id-7b46641dfb01e3dd9c0cde3ef6ada5f4.content-bg-on.centered-layout-list article {\n    padding: 0;\n  }\n  .blog-shortcode.blog-list-shortcode-id-7b46641dfb01e3dd9c0cde3ef6ada5f4.blog-shortcode.dividers-on article,\n  .blog-shortcode.blog-list-shortcode-id-7b46641dfb01e3dd9c0cde3ef6ada5f4.dividers-on.classic-layout-list article {\n    margin-top: 20px;\n    padding: 0;\n  }\n  .blog-shortcode.blog-list-shortcode-id-7b46641dfb01e3dd9c0cde3ef6ada5f4.blog-shortcode.dividers-on article:first-of-type,\n  .blog-shortcode.blog-list-shortcode-id-7b46641dfb01e3dd9c0cde3ef6ada5f4.dividers-on.classic-layout-list article:first-of-type {\n    padding: 0;\n  }\n  #page .blog-shortcode.blog-list-shortcode-id-7b46641dfb01e3dd9c0cde3ef6ada5f4 .post-thumbnail-wrap,\n  #page .blog-shortcode.blog-list-shortcode-id-7b46641dfb01e3dd9c0cde3ef6ada5f4 .post-entry-content {\n    width: 100%;\n    margin: 0;\n    top: 0;\n  }\n  #page .blog-shortcode.blog-list-shortcode-id-7b46641dfb01e3dd9c0cde3ef6ada5f4 .post-thumbnail-wrap {\n    padding: 0;\n  }\n  #page .blog-shortcode.blog-list-shortcode-id-7b46641dfb01e3dd9c0cde3ef6ada5f4 .post-entry-content:after {\n    display: none;\n  }\n  #page .blog-shortcode.blog-list-shortcode-id-7b46641dfb01e3dd9c0cde3ef6ada5f4 .project-even .post-thumbnail-wrap,\n  #page .blog-shortcode.blog-list-shortcode-id-7b46641dfb01e3dd9c0cde3ef6ada5f4.centered-layout-list .post-thumbnail-wrap {\n    -ms-flex-order: 0;\n    order: 0;\n  }\n  #page .blog-shortcode.blog-list-shortcode-id-7b46641dfb01e3dd9c0cde3ef6ada5f4.centered-layout-list .post-entry-title-content {\n    -ms-flex-order: 1;\n    order: 1;\n    width: 100%;\n    padding: 20px 20px 0;\n  }\n  #page .blog-shortcode.blog-list-shortcode-id-7b46641dfb01e3dd9c0cde3ef6ada5f4.centered-layout-list .post-entry-content {\n    -ms-flex-order: 2;\n    order: 2;\n    padding-top: 0;\n  }\n  #page .blog-shortcode.blog-list-shortcode-id-7b46641dfb01e3dd9c0cde3ef6ada5f4 .fancy-categories {\n    top: 10px;\n    left: 10px;\n    bottom: auto;\n    right: auto;\n  }\n  #page .blog-shortcode.blog-list-shortcode-id-7b46641dfb01e3dd9c0cde3ef6ada5f4 .fancy-date a {\n    top: 10px;\n    right: 10px;\n    left: auto;\n    bottom: auto;\n  }\n  #page .blog-shortcode.blog-list-shortcode-id-7b46641dfb01e3dd9c0cde3ef6ada5f4 .post-entry-content {\n    padding: 20px;\n  }\n  #page .blog-shortcode.blog-list-shortcode-id-7b46641dfb01e3dd9c0cde3ef6ada5f4 .entry-title {\n    margin: 3px 0 5px;\n    font-size: 20px;\n    line-height: 26px;\n  }\n  #page .blog-shortcode.blog-list-shortcode-id-7b46641dfb01e3dd9c0cde3ef6ada5f4 .entry-meta {\n    margin: 5px 0 5px;\n  }\n  #page .blog-shortcode.blog-list-shortcode-id-7b46641dfb01e3dd9c0cde3ef6ada5f4 .entry-excerpt {\n    margin: 15px 0 0;\n  }\n  #page .blog-shortcode.blog-list-shortcode-id-7b46641dfb01e3dd9c0cde3ef6ada5f4 .post-details {\n    margin: 5px 0 10px;\n  }\n  #page .blog-shortcode.blog-list-shortcode-id-7b46641dfb01e3dd9c0cde3ef6ada5f4 .post-details.details-type-link {\n    margin-bottom: 2px;\n  }\n}\n<\/style><div class=\"articles-list blog-shortcode mode-list blog-list-shortcode-id-7b46641dfb01e3dd9c0cde3ef6ada5f4 centered-layout-list dividers-on jquery-filter scale-img dt-icon-bg-off circle-fancy-style loading-effect-fade-in\" data-cur-page=\"1\" data-post-limit=\"5\" data-pagination-mode=\"load-more\"><article class=\"post project-odd visible post-29230 type-post status-publish format-standard has-post-thumbnail hentry category-news-fr tag-elitech-fr tag-hygiene-fr tag-lave-vaisselle tag-thermolabel-fr category-90 description-off\" data-name=\"Lavage manuel ou automatique?\" data-date=\"2022-11-18T15:49:33+01:00\">\n<div class=\"post-entry-title-content\">\n\t<h3 class=\"entry-title\">\n\t\t<a href=\"https:\/\/www.krupps.com\/fr\/blog\/lavage-manuel-ou-automatique\/\" title=\"Lavage manuel ou automatique?\" rel=\"bookmark\">Lavage manuel ou automatique?<\/a>\n\t<\/h3>\n\n\t<\/div>\n\n\n<div class=\"post-thumbnail-wrap\">\n\t<div class=\"post-thumbnail\">\n\n\t\t\n\t\t\n\t\t<a href=\"https:\/\/www.krupps.com\/fr\/blog\/lavage-manuel-ou-automatique\/\" class=\"post-thumbnail-rollover layzr-bg layzr-bg\" ><img loading=\"lazy\" decoding=\"async\" class=\"blog-thumb-lazy-load preload-me lazy-load\" src=\"data:image\/svg+xml,%3Csvg%20xmlns%3D&#39;http%3A%2F%2Fwww.w3.org%2F2000%2Fsvg&#39;%20viewBox%3D&#39;0%200%20848%20282&#39;%2F%3E\" data-src=\"https:\/\/www.krupps.com\/wp-content\/uploads\/2022\/11\/iStock-666923110-e1668690730122-848x282.jpg\" data-srcset=\"https:\/\/www.krupps.com\/wp-content\/uploads\/2022\/11\/iStock-666923110-e1668690730122-848x282.jpg 848w, https:\/\/www.krupps.com\/wp-content\/uploads\/2022\/11\/iStock-666923110-e1668690730122-1442x479.jpg 1442w\" alt=\"Handsome employee doing dishes in commercial kitchen\" title=\"Handsome employee doing dishes\" width=\"848\" height=\"282\"  \/><\/a>\n\t<\/div>\n<\/div>\n\n\n<div class=\"post-entry-content\">\n\n\t<div class=\"entry-excerpt\"><p>L&rsquo;utilisation de lave-vaisselle professionnels sur le lieu de travail est-elle vraiment si \u00e9vidente? Souvent, en raison de l&rsquo;urgence du moment ou m\u00eame pour des raisons \u00e9conomiques, le lavage manuel est pr\u00e9f\u00e9r\u00e9 au lavage automatique. Mais est-ce vraiment si pratique? Supposons que, selon les normes dict\u00e9es par la Food and Drug Administration, la vaisselle doit \u00eatre&hellip;<\/p>\n<\/div>\n\t\n<a href=\"https:\/\/www.krupps.com\/fr\/blog\/lavage-manuel-ou-automatique\/\" class=\"dt-btn-s dt-btn post-details details-type-btn\" aria-label=\"Read more about Lavage manuel ou automatique?\" rel=\"nofollow\">Read Article<i class=\"dt-icon-the7-arrow-03\" aria-hidden=\"true\"><\/i><\/a>\n\n<\/div><\/article><article class=\"post project-odd visible post-28558 type-post status-publish format-standard has-post-thumbnail hentry category-news-fr category-90 description-off\" data-name=\"Augmentez votre capacit\u00e9 avec DOUBLE Load!\" data-date=\"2022-09-22T14:52:21+02:00\">\n<div class=\"post-entry-title-content\">\n\t<h3 class=\"entry-title\">\n\t\t<a href=\"https:\/\/www.krupps.com\/fr\/blog\/augmentez-votre-capacite-avec-double-load\/\" title=\"Augmentez votre capacit\u00e9 avec DOUBLE Load!\" rel=\"bookmark\">Augmentez votre capacit\u00e9 avec DOUBLE Load!<\/a>\n\t<\/h3>\n\n\t<\/div>\n\n\n<div class=\"post-thumbnail-wrap\">\n\t<div class=\"post-thumbnail\">\n\n\t\t\n\t\t\n\t\t<a href=\"https:\/\/www.krupps.com\/fr\/blog\/augmentez-votre-capacite-avec-double-load\/\" class=\"post-thumbnail-rollover layzr-bg layzr-bg\" ><img loading=\"lazy\" decoding=\"async\" class=\"blog-thumb-lazy-load preload-me lazy-load\" src=\"data:image\/svg+xml,%3Csvg%20xmlns%3D&#39;http%3A%2F%2Fwww.w3.org%2F2000%2Fsvg&#39;%20viewBox%3D&#39;0%200%20848%20282&#39;%2F%3E\" data-src=\"https:\/\/www.krupps.com\/wp-content\/uploads\/2022\/01\/DOUBLE-Load-2-848x282.png\" data-srcset=\"https:\/\/www.krupps.com\/wp-content\/uploads\/2022\/01\/DOUBLE-Load-2-848x282.png 848w, https:\/\/www.krupps.com\/wp-content\/uploads\/2022\/01\/DOUBLE-Load-2-1442x479.png 1442w\" alt=\"DOUBLE Load\" title=\"DOUBLE-Load-2\" width=\"848\" height=\"282\"  \/><\/a>\n\t<\/div>\n<\/div>\n\n\n<div class=\"post-entry-content\">\n\n\t<div class=\"entry-excerpt\"><p>DOUBLE Load\u00a0est le nouvel accessoire que nous avons cr\u00e9\u00e9 pour augmenter la capacit\u00e9 de lavage de votre lave-vaisselle en\u00a0optimisant l&rsquo;espace. Les tasses et verres qui s&rsquo;entassent partout en attendant d&rsquo;\u00eatre lav\u00e9s ne seront finalement plus qu&rsquo;un mauvais souvenir!En choisissant l\u2019option\u00a0DOUBLE Load, vous disposez de deux paniers pour laver deux fois plus de vaisselle en un&hellip;<\/p>\n<\/div>\n\t\n<a href=\"https:\/\/www.krupps.com\/fr\/blog\/augmentez-votre-capacite-avec-double-load\/\" class=\"dt-btn-s dt-btn post-details details-type-btn\" aria-label=\"Read more about Augmentez votre capacit\u00e9 avec DOUBLE Load!\" rel=\"nofollow\">Read Article<i class=\"dt-icon-the7-arrow-03\" aria-hidden=\"true\"><\/i><\/a>\n\n<\/div><\/article><article class=\"post project-odd visible post-27586 type-post status-publish format-standard has-post-thumbnail hentry category-news-fr tag-economie-denergie tag-economie-denergie-fr tag-elitech tag-elitech-fr tag-energy-pro-green tag-energy-pro-green-fr-2 category-90 description-off\" data-name=\"ENERGY PRO GREEN\" data-date=\"2022-03-26T10:27:41+01:00\">\n<div class=\"post-entry-title-content\">\n\t<h3 class=\"entry-title\">\n\t\t<a href=\"https:\/\/www.krupps.com\/fr\/blog\/energy-pro-green\/\" title=\"ENERGY PRO GREEN\" rel=\"bookmark\">ENERGY PRO GREEN<\/a>\n\t<\/h3>\n\n\t<\/div>\n\n\n<div class=\"post-thumbnail-wrap\">\n\t<div class=\"post-thumbnail\">\n\n\t\t\n\t\t\n\t\t<a href=\"https:\/\/www.krupps.com\/fr\/blog\/energy-pro-green\/\" class=\"post-thumbnail-rollover layzr-bg layzr-bg\" ><img loading=\"lazy\" decoding=\"async\" class=\"blog-thumb-lazy-load preload-me lazy-load\" src=\"data:image\/svg+xml,%3Csvg%20xmlns%3D&#39;http%3A%2F%2Fwww.w3.org%2F2000%2Fsvg&#39;%20viewBox%3D&#39;0%200%20643%20213&#39;%2F%3E\" data-src=\"https:\/\/www.krupps.com\/wp-content\/uploads\/2022\/03\/2022-03-09-Banner-WP-EPG-643x213.png\" data-srcset=\"https:\/\/www.krupps.com\/wp-content\/uploads\/2022\/03\/2022-03-09-Banner-WP-EPG-643x213.png 643w\" alt=\"EPG\" title=\"2022-03-09 Banner WP EPG\" width=\"643\" height=\"213\"  \/><\/a>\n\t<\/div>\n<\/div>\n\n\n<div class=\"post-entry-content\">\n\n\t<div class=\"entry-excerpt\"><p>[vc_row][vc_column][vc_column_text]Aujourd&rsquo;hui les \u00e9conomies d&rsquo;\u00e9nergie et la durabilit\u00e9 sont parmi les plus grands d\u00e9fis pour ceux qui g\u00e8rent une entreprise. Les professionnels de la restauration ont bien conscience que la consommation d&rsquo;\u00e9lectricit\u00e9 fait partie des d\u00e9penses qui p\u00e8sent lourdement sur les co\u00fbts d&rsquo;exploitation.\u00a0 Une gestion consciente des co\u00fbts est donc essentielle, et il est \u00e9galement essentiel&hellip;<\/p>\n<\/div>\n\t\n<a href=\"https:\/\/www.krupps.com\/fr\/blog\/energy-pro-green\/\" class=\"dt-btn-s dt-btn post-details details-type-btn\" aria-label=\"Read more about ENERGY PRO GREEN\" rel=\"nofollow\">Read Article<i class=\"dt-icon-the7-arrow-03\" aria-hidden=\"true\"><\/i><\/a>\n\n<\/div><\/article><article class=\"post project-odd visible post-26799 type-post status-publish format-standard has-post-thumbnail hentry category-news-fr category-90 description-off\" data-name=\"Que vois-tu? L\u2019importance de l\u2019hygi\u00e8ne\" data-date=\"2022-01-17T09:19:05+01:00\">\n<div class=\"post-entry-title-content\">\n\t<h3 class=\"entry-title\">\n\t\t<a href=\"https:\/\/www.krupps.com\/fr\/blog\/que-vois-tu\/\" title=\"Que vois-tu? L\u2019importance de l\u2019hygi\u00e8ne\" rel=\"bookmark\">Que vois-tu? L\u2019importance de l\u2019hygi\u00e8ne<\/a>\n\t<\/h3>\n\n\t<\/div>\n\n\n<div class=\"post-thumbnail-wrap\">\n\t<div class=\"post-thumbnail\">\n\n\t\t\n\t\t\n\t\t<a href=\"https:\/\/www.krupps.com\/fr\/blog\/que-vois-tu\/\" class=\"post-thumbnail-rollover layzr-bg layzr-bg\" ><img loading=\"lazy\" decoding=\"async\" class=\"blog-thumb-lazy-load preload-me lazy-load\" src=\"data:image\/svg+xml,%3Csvg%20xmlns%3D&#39;http%3A%2F%2Fwww.w3.org%2F2000%2Fsvg&#39;%20viewBox%3D&#39;0%200%20848%20282&#39;%2F%3E\" data-src=\"https:\/\/www.krupps.com\/wp-content\/uploads\/2021\/11\/2021-11-19-Tu-cosa-vedi_FB-940-x-400-px-848x282.png\" data-srcset=\"https:\/\/www.krupps.com\/wp-content\/uploads\/2021\/11\/2021-11-19-Tu-cosa-vedi_FB-940-x-400-px-848x282.png 848w, https:\/\/www.krupps.com\/wp-content\/uploads\/2021\/11\/2021-11-19-Tu-cosa-vedi_FB-940-x-400-px-940x312.png 940w\" alt=\"\" title=\"2021-11-19-Tu-cosa-vedi_FB-940-x-400-px\" width=\"848\" height=\"282\"  \/><\/a>\n\t<\/div>\n<\/div>\n\n\n<div class=\"post-entry-content\">\n\n\t<div class=\"entry-excerpt\"><p>[vc_row][vc_column][\/vc_column][\/vc_row] Lorsque nous allons au bar ou au restaurant, nous commandons un caf\u00e9, une entr\u00e9e ou un verre de vin. Mais nous arr\u00eatons-nous jamais pour penser \u00e0 ce qui les rend parfaits? Chaque plat, chaque grand vin, a besoin d&rsquo;une assiette ou d&rsquo;un verre bien d\u00e9sinfect\u00e9 pour pouvoir s&rsquo;exprimer au mieux. Combien de fois, dans&hellip;<\/p>\n<\/div>\n\t\n<a href=\"https:\/\/www.krupps.com\/fr\/blog\/que-vois-tu\/\" class=\"dt-btn-s dt-btn post-details details-type-btn\" aria-label=\"Read more about Que vois-tu? L\u2019importance de l\u2019hygi\u00e8ne\" rel=\"nofollow\">Read Article<i class=\"dt-icon-the7-arrow-03\" aria-hidden=\"true\"><\/i><\/a>\n\n<\/div><\/article><article class=\"post project-odd visible post-25703 type-post status-publish format-standard has-post-thumbnail hentry category-fiere-eventi-fr category-news-fr category-111 category-90 description-off\" data-name=\"HOST 2021 : l&rsquo;\u00e9volution du lavage d\u00e9marre du Hall 5\" data-date=\"2021-05-20T14:20:00+02:00\">\n<div class=\"post-entry-title-content\">\n\t<h3 class=\"entry-title\">\n\t\t<a href=\"https:\/\/www.krupps.com\/fr\/blog\/host-2021\/\" title=\"HOST 2021 : l&rsquo;\u00e9volution du lavage d\u00e9marre du Hall 5\" rel=\"bookmark\">HOST 2021 : l&rsquo;\u00e9volution du lavage d\u00e9marre du Hall 5<\/a>\n\t<\/h3>\n\n\t<\/div>\n\n\n<div class=\"post-thumbnail-wrap\">\n\t<div class=\"post-thumbnail\">\n\n\t\t\n\t\t\n\t\t<a href=\"https:\/\/www.krupps.com\/fr\/blog\/host-2021\/\" class=\"post-thumbnail-rollover layzr-bg layzr-bg\" ><img loading=\"lazy\" decoding=\"async\" class=\"blog-thumb-lazy-load preload-me lazy-load\" src=\"data:image\/svg+xml,%3Csvg%20xmlns%3D&#39;http%3A%2F%2Fwww.w3.org%2F2000%2Fsvg&#39;%20viewBox%3D&#39;0%200%20848%20282&#39;%2F%3E\" data-src=\"https:\/\/www.krupps.com\/wp-content\/uploads\/2021\/07\/2021-07-01-Mappa-Host-2021_FB-848x282.png\" data-srcset=\"https:\/\/www.krupps.com\/wp-content\/uploads\/2021\/07\/2021-07-01-Mappa-Host-2021_FB-848x282.png 848w, https:\/\/www.krupps.com\/wp-content\/uploads\/2021\/07\/2021-07-01-Mappa-Host-2021_FB-940x312.png 940w\" alt=\"\" title=\"2021-07-01-Mappa-Host-2021_FB\" width=\"848\" height=\"282\"  \/><\/a>\n\t<\/div>\n<\/div>\n\n\n<div class=\"post-entry-content\">\n\n\t<div class=\"entry-excerpt\"><p>HOST &#8211; New shapes of Hospitality22- 26 Octobre 2021Milano La cuisine professionnelle est plus que jamais pr\u00eate \u00e0 red\u00e9marrer gr\u00e2ce aux belles innovations qui seront pr\u00e9sent\u00e9es lors du salon mondial de r\u00e9f\u00e9rence. Au cours des deux derni\u00e8res ann\u00e9es chez Krupps, nous avons travaill\u00e9 sur plusieurs projets et nous sommes enfin pr\u00eats \u00e0 vous montrer toutes&hellip;<\/p>\n<\/div>\n\t\n<a href=\"https:\/\/www.krupps.com\/fr\/blog\/host-2021\/\" class=\"dt-btn-s dt-btn post-details details-type-btn\" aria-label=\"Read more about HOST 2021 : l&rsquo;\u00e9volution du lavage d\u00e9marre du Hall 5\" rel=\"nofollow\">Read Article<i class=\"dt-icon-the7-arrow-03\" aria-hidden=\"true\"><\/i><\/a>\n\n<\/div><\/article><article class=\"post project-odd hidden post-24217 type-post status-publish format-standard has-post-thumbnail hentry category-en-evidence category-news-fr tag-batteri-fr tag-certificato-fr tag-coronavirus-fr tag-covid-fr tag-elitech-fr tag-klean-lab-fr category-84 category-90 description-off\" data-name=\"D\u00c9SINFECTION: \u00c9LIMINEZ PLUS DE 99% DES BACTERIES AVEC KRUPPS\" data-date=\"2020-09-03T15:15:07+02:00\">\n<div class=\"post-entry-title-content\">\n\t<h3 class=\"entry-title\">\n\t\t<a href=\"https:\/\/www.krupps.com\/fr\/blog\/sanificazione\/\" title=\"D\u00c9SINFECTION: \u00c9LIMINEZ PLUS DE 99% DES BACTERIES AVEC KRUPPS\" rel=\"bookmark\">D\u00c9SINFECTION: \u00c9LIMINEZ PLUS DE 99% DES BACTERIES AVEC KRUPPS<\/a>\n\t<\/h3>\n\n\t<\/div>\n\n\n<div class=\"post-thumbnail-wrap\">\n\t<div class=\"post-thumbnail\">\n\n\t\t\n\t\t\n\t\t<a href=\"https:\/\/www.krupps.com\/fr\/blog\/sanificazione\/\" class=\"post-thumbnail-rollover layzr-bg layzr-bg\" ><img loading=\"lazy\" decoding=\"async\" class=\"blog-thumb-lazy-load preload-me lazy-load\" src=\"data:image\/svg+xml,%3Csvg%20xmlns%3D&#39;http%3A%2F%2Fwww.w3.org%2F2000%2Fsvg&#39;%20viewBox%3D&#39;0%200%20848%20282&#39;%2F%3E\" data-src=\"https:\/\/www.krupps.com\/wp-content\/uploads\/2020\/09\/iStock-483322357-1-848x282.jpg\" data-srcset=\"https:\/\/www.krupps.com\/wp-content\/uploads\/2020\/09\/iStock-483322357-1-848x282.jpg 848w, https:\/\/www.krupps.com\/wp-content\/uploads\/2020\/09\/iStock-483322357-1-1024x340.jpg 1024w\" alt=\"Piatti Sanificati\" title=\"Immagine Articolo Sanificazione\" width=\"848\" height=\"282\"  \/><\/a>\n\t<\/div>\n<\/div>\n\n\n<div class=\"post-entry-content\">\n\n\t<div class=\"entry-excerpt\"><p>I sistemi di lavaggio Krupps si occupano della sanificazione delle tue stoviglie, rimuovendo oltre il 99% dei batteri da piatti e bicchieri, in conformit\u00e0 alla normativa DIN10534 Oggi lavare le stoviglie non \u00e8 pi\u00f9 sufficiente: bisogna provvedere ad una sanificazione per eliminare i batteri e contrastare la diffusione del Coronavirus. \u00a0\u00a0\u00a0\u00a0\u00a0\u00a0\u00a0 \u00a0Igiene significa garantire ai&hellip;<\/p>\n<\/div>\n\t\n<a href=\"https:\/\/www.krupps.com\/fr\/blog\/sanificazione\/\" class=\"dt-btn-s dt-btn post-details details-type-btn\" aria-label=\"Read more about D\u00c9SINFECTION: \u00c9LIMINEZ PLUS DE 99% DES BACTERIES AVEC KRUPPS\" rel=\"nofollow\">Read Article<i class=\"dt-icon-the7-arrow-03\" aria-hidden=\"true\"><\/i><\/a>\n\n<\/div><\/article><article class=\"post project-odd hidden post-23754 type-post status-publish format-standard has-post-thumbnail hentry category-en-evidence category-news-fr category-84 category-90 description-off\" data-name=\"Rouvrez votre activit\u00e9 en toute s\u00e9curit\u00e9\" data-date=\"2020-05-25T16:19:07+02:00\">\n<div class=\"post-entry-title-content\">\n\t<h3 class=\"entry-title\">\n\t\t<a href=\"https:\/\/www.krupps.com\/fr\/blog\/sani-safe-kit\/\" title=\"Rouvrez votre activit\u00e9 en toute s\u00e9curit\u00e9\" rel=\"bookmark\">Rouvrez votre activit\u00e9 en toute s\u00e9curit\u00e9<\/a>\n\t<\/h3>\n\n\t<\/div>\n\n\n<div class=\"post-thumbnail-wrap\">\n\t<div class=\"post-thumbnail\">\n\n\t\t\n\t\t\n\t\t<a href=\"https:\/\/www.krupps.com\/fr\/blog\/sani-safe-kit\/\" class=\"post-thumbnail-rollover layzr-bg layzr-bg\" ><img loading=\"lazy\" decoding=\"async\" class=\"blog-thumb-lazy-load preload-me lazy-load\" src=\"data:image\/svg+xml,%3Csvg%20xmlns%3D&#39;http%3A%2F%2Fwww.w3.org%2F2000%2Fsvg&#39;%20viewBox%3D&#39;0%200%20530%20176&#39;%2F%3E\" data-src=\"https:\/\/www.krupps.com\/wp-content\/uploads\/2020\/05\/2020-05-25-SANI-EXTRA-label-FR_def-530x260-530x176.png\" data-srcset=\"https:\/\/www.krupps.com\/wp-content\/uploads\/2020\/05\/2020-05-25-SANI-EXTRA-label-FR_def-530x260-530x176.png 530w\" alt=\"Safe Break \u00e9tiquette\" title=\"2020-05-25 SANI EXTRA label FR_def 530&#215;260\" width=\"530\" height=\"176\"  \/><\/a>\n\t<\/div>\n<\/div>\n\n\n<div class=\"post-entry-content\">\n\n\t<div class=\"entry-excerpt\"><p>[vc_row][vc_column][vc_single_image image=\u00a0\u00bb23756&Prime; img_size=\u00a0\u00bbfull\u00a0\u00bb alignment=\u00a0\u00bbcenter\u00a0\u00bb][vc_column_text] L&rsquo;hygi\u00e8ne\u00a0des\u00a0locaux\u00a0est\u00a0la\u00a0premi\u00e8re\u00a0garantie\u00a0qu&rsquo;un\u00a0restaurateur\u00a0offre\u00a0\u00e0\u00a0ses\u00a0clients. Aujourd&rsquo;hui le secteur de la restauration fait face \u00e0 un moment sp\u00e9cial o\u00f9 enfin, apr\u00e8s des mois d&rsquo;arr\u00eat forc\u00e9, caf\u00e9s, restaurants p\u00e2tisseries peuvent finalement reprendre leurs activit\u00e9s. La r\u00e9ouverture doit se faire en prenant una plus grande conscience des r\u00e8gles hygi\u00e9niques et il est\u00a0essentiel\u00a0de consid\u00e9rer \u00e9galement les syst\u00e8mes de lavage&hellip;<\/p>\n<\/div>\n\t\n<a href=\"https:\/\/www.krupps.com\/fr\/blog\/sani-safe-kit\/\" class=\"dt-btn-s dt-btn post-details details-type-btn\" aria-label=\"Read more about Rouvrez votre activit\u00e9 en toute s\u00e9curit\u00e9\" rel=\"nofollow\">Read Article<i class=\"dt-icon-the7-arrow-03\" aria-hidden=\"true\"><\/i><\/a>\n\n<\/div><\/article><article class=\"post project-odd hidden post-22306 type-post status-publish format-standard has-post-thumbnail hentry category-en-evidence category-news-fr category-84 category-90 description-off\" data-name=\"SMART Label 2019, le prix pour une entreprise innovative\" data-date=\"2019-09-13T09:24:51+02:00\">\n<div class=\"post-entry-title-content\">\n\t<h3 class=\"entry-title\">\n\t\t<a href=\"https:\/\/www.krupps.com\/fr\/blog\/smart-label-2019\/\" title=\"SMART Label 2019, le prix pour une entreprise innovative\" rel=\"bookmark\">SMART Label 2019, le prix pour une entreprise innovative<\/a>\n\t<\/h3>\n\n\t<\/div>\n\n\n<div class=\"post-thumbnail-wrap\">\n\t<div class=\"post-thumbnail\">\n\n\t\t\n\t\t\n\t\t<a href=\"https:\/\/www.krupps.com\/fr\/blog\/smart-label-2019\/\" class=\"post-thumbnail-rollover layzr-bg layzr-bg\" ><img loading=\"lazy\" decoding=\"async\" class=\"blog-thumb-lazy-load preload-me lazy-load\" src=\"data:image\/svg+xml,%3Csvg%20xmlns%3D&#39;http%3A%2F%2Fwww.w3.org%2F2000%2Fsvg&#39;%20viewBox%3D&#39;0%200%20848%20282&#39;%2F%3E\" data-src=\"https:\/\/www.krupps.com\/wp-content\/uploads\/2019\/09\/Schermata-2019-09-13-alle-08.54.11-848x282.png\" data-srcset=\"https:\/\/www.krupps.com\/wp-content\/uploads\/2019\/09\/Schermata-2019-09-13-alle-08.54.11-848x282.png 848w, https:\/\/www.krupps.com\/wp-content\/uploads\/2019\/09\/Schermata-2019-09-13-alle-08.54.11-1442x479.png 1442w\" alt=\"\" title=\"Schermata 2019-09-13 alle 08.54.11\" width=\"848\" height=\"282\"  \/><\/a>\n\t<\/div>\n<\/div>\n\n\n<div class=\"post-entry-content\">\n\n\t<div class=\"entry-excerpt\"><p>Les succ\u00e8s li\u00e9s \u00e0 nos innovations technologiques se poursuivent gr\u00e2ce au SMART Label. Apr\u00e8s le prix\u00a0SMAU obtenu au mois d&rsquo;Avril, nous sommes fiers d&rsquo;avoir re\u00e7u le prix SMART Label, la reconnaissance de l&rsquo;innovation dans le secteur de l&rsquo;h\u00f4tellerie promue par HOST &#8211; Fiera Milano en collaboration avec POLI.design, qui est attribu\u00e9e \u00e0 ces produits \/&hellip;<\/p>\n<\/div>\n\t\n<a href=\"https:\/\/www.krupps.com\/fr\/blog\/smart-label-2019\/\" class=\"dt-btn-s dt-btn post-details details-type-btn\" aria-label=\"Read more about SMART Label 2019, le prix pour une entreprise innovative\" rel=\"nofollow\">Read Article<i class=\"dt-icon-the7-arrow-03\" aria-hidden=\"true\"><\/i><\/a>\n\n<\/div><\/article><article class=\"post project-odd hidden post-21941 type-post status-publish format-standard has-post-thumbnail hentry category-en-evidence category-news-fr category-84 category-90 description-off\" data-name=\"L&rsquo;op\u00e9ration STOP ESSUYAGE chez Krupps\" data-date=\"2019-07-30T11:01:30+02:00\">\n<div class=\"post-entry-title-content\">\n\t<h3 class=\"entry-title\">\n\t\t<a href=\"https:\/\/www.krupps.com\/fr\/blog\/stop-essuyage\/\" title=\"L&rsquo;op\u00e9ration STOP ESSUYAGE chez Krupps\" rel=\"bookmark\">L&rsquo;op\u00e9ration STOP ESSUYAGE chez Krupps<\/a>\n\t<\/h3>\n\n\t<\/div>\n\n\n<div class=\"post-thumbnail-wrap\">\n\t<div class=\"post-thumbnail\">\n\n\t\t\n\t\t\n\t\t<a href=\"https:\/\/www.krupps.com\/fr\/blog\/stop-essuyage\/\" class=\"post-thumbnail-rollover layzr-bg layzr-bg\" ><img loading=\"lazy\" decoding=\"async\" class=\"blog-thumb-lazy-load preload-me lazy-load\" src=\"data:image\/svg+xml,%3Csvg%20xmlns%3D&#39;http%3A%2F%2Fwww.w3.org%2F2000%2Fsvg&#39;%20viewBox%3D&#39;0%200%20794%20264&#39;%2F%3E\" data-src=\"https:\/\/www.krupps.com\/wp-content\/uploads\/2019\/06\/Copertina-articolo-Stop-Essuyage-3.png\" data-srcset=\"https:\/\/www.krupps.com\/wp-content\/uploads\/2019\/06\/Copertina-articolo-Stop-Essuyage-3.png 794w, https:\/\/www.krupps.com\/wp-content\/uploads\/2019\/06\/Copertina-articolo-Stop-Essuyage-3-794x263.png 794w\" alt=\"\" title=\"Copertina articolo Stop Essuyage (3)\" width=\"794\" height=\"264\"  \/><\/a>\n\t<\/div>\n<\/div>\n\n\n<div class=\"post-entry-content\">\n\n\t<div class=\"entry-excerpt\"><p>[vc_row][vc_column][vc_single_image image=\u00a0\u00bb22233&Prime; img_size=\u00a0\u00bblarge\u00a0\u00bb alignment=\u00a0\u00bbcenter\u00a0\u00bb][\/vc_column][\/vc_row][vc_row][vc_column][vc_column_text]L&rsquo;Assurance Maladie \u2013 Risques professionnels propose la subvention \u00ab\u00a0Stop Essuyage\u00a0\u00bb afin d&rsquo;am\u00e9liorer la s\u00e9curit\u00e9 et l\u2019hygi\u00e8ne dans le secteur de h\u00f4tellerie et de la restauration. L&rsquo;objectif: \u00e9viter les risques li\u00e9s \u00e0 l\u2019essuyage \u00e0 la main. Dans les caf\u00e9s, bars, restaurants et h\u00f4tels, l\u2019essuyage manuel des verres entra\u00eene des risques de coupures, une&hellip;<\/p>\n<\/div>\n\t\n<a href=\"https:\/\/www.krupps.com\/fr\/blog\/stop-essuyage\/\" class=\"dt-btn-s dt-btn post-details details-type-btn\" aria-label=\"Read more about L&rsquo;op\u00e9ration STOP ESSUYAGE chez Krupps\" rel=\"nofollow\">Read Article<i class=\"dt-icon-the7-arrow-03\" aria-hidden=\"true\"><\/i><\/a>\n\n<\/div><\/article><article class=\"post project-odd hidden post-22166 type-post status-publish format-standard has-post-thumbnail hentry category-news-fr category-90 description-off\" data-name=\"Fermeture pour Cong\u00e9 Estivale\" data-date=\"2019-07-10T16:23:29+02:00\">\n<div class=\"post-entry-title-content\">\n\t<h3 class=\"entry-title\">\n\t\t<a href=\"https:\/\/www.krupps.com\/fr\/blog\/chiusura-per-ferie-estive-2\/\" title=\"Fermeture pour Cong\u00e9 Estivale\" rel=\"bookmark\">Fermeture pour Cong\u00e9 Estivale<\/a>\n\t<\/h3>\n\n\t<\/div>\n\n\n<div class=\"post-thumbnail-wrap\">\n\t<div class=\"post-thumbnail\">\n\n\t\t\n\t\t\n\t\t<a href=\"https:\/\/www.krupps.com\/fr\/blog\/chiusura-per-ferie-estive-2\/\" class=\"post-thumbnail-rollover layzr-bg layzr-bg\" ><img loading=\"lazy\" decoding=\"async\" class=\"blog-thumb-lazy-load preload-me lazy-load\" src=\"data:image\/svg+xml,%3Csvg%20xmlns%3D&#39;http%3A%2F%2Fwww.w3.org%2F2000%2Fsvg&#39;%20viewBox%3D&#39;0%200%20848%20282&#39;%2F%3E\" data-src=\"https:\/\/www.krupps.com\/wp-content\/uploads\/2018\/07\/Fermeture-estivale_FB-848x282.png\" data-srcset=\"https:\/\/www.krupps.com\/wp-content\/uploads\/2018\/07\/Fermeture-estivale_FB-848x282.png 848w, https:\/\/www.krupps.com\/wp-content\/uploads\/2018\/07\/Fermeture-estivale_FB-940x312.png 940w\" alt=\"\" title=\"Fermeture estivale_FB\" width=\"848\" height=\"282\"  \/><\/a>\n\t<\/div>\n<\/div>\n\n\n<div class=\"post-entry-content\">\n\n\t<div class=\"entry-excerpt\"><p>[vc_row][vc_column][vc_single_image image=\u00a0\u00bb22169&Prime; img_size=\u00a0\u00bblarge\u00a0\u00bb alignment=\u00a0\u00bbcenter\u00a0\u00bb][\/vc_column][\/vc_row][vc_row][vc_column][vc_column_text] C&rsquo;est arriv\u00e9 le temps d&rsquo;une petite pause avant de reprende avec des nouveaux projets! Nous vous unformons que notre si\u00e8ge sera ferm\u00e9e pour cong\u00e9 estivale\u00a0du 10 Ao\u00fbt 2019 au 27 Ao\u00fbt 2019. Nos bureaux vont r\u00e9ouvrir reguli\u00e8rement Mercredi le 28 Ao\u00fbt 2019.[\/vc_column_text][\/vc_column][\/vc_row]<\/p>\n<\/div>\n\t\n<a href=\"https:\/\/www.krupps.com\/fr\/blog\/chiusura-per-ferie-estive-2\/\" class=\"dt-btn-s dt-btn post-details details-type-btn\" aria-label=\"Read more about Fermeture pour Cong\u00e9 Estivale\" rel=\"nofollow\">Read Article<i class=\"dt-icon-the7-arrow-03\" aria-hidden=\"true\"><\/i><\/a>\n\n<\/div><\/article><article class=\"post project-odd hidden post-21804 type-post status-publish format-standard has-post-thumbnail hentry category-en-evidence category-news-fr category-84 category-90 description-off\" data-name=\"ADVANCE: la ligne Cube devient la plus performante que jamais\" data-date=\"2019-05-06T11:59:43+02:00\">\n<div class=\"post-entry-title-content\">\n\t<h3 class=\"entry-title\">\n\t\t<a href=\"https:\/\/www.krupps.com\/fr\/blog\/advance\/\" title=\"ADVANCE: la ligne Cube devient la plus performante que jamais\" rel=\"bookmark\">ADVANCE: la ligne Cube devient la plus performante que jamais<\/a>\n\t<\/h3>\n\n\t<\/div>\n\n\n<div class=\"post-thumbnail-wrap\">\n\t<div class=\"post-thumbnail\">\n\n\t\t\n\t\t\n\t\t<a href=\"https:\/\/www.krupps.com\/fr\/blog\/advance\/\" class=\"post-thumbnail-rollover layzr-bg layzr-bg\" ><img loading=\"lazy\" decoding=\"async\" class=\"blog-thumb-lazy-load preload-me lazy-load\" src=\"data:image\/svg+xml,%3Csvg%20xmlns%3D&#39;http%3A%2F%2Fwww.w3.org%2F2000%2Fsvg&#39;%20viewBox%3D&#39;0%200%20848%20282&#39;%2F%3E\" data-src=\"https:\/\/www.krupps.com\/wp-content\/uploads\/2019\/05\/KRUPPS-C432H-ADVANCE-e1557128557956-848x282.jpg\" data-srcset=\"https:\/\/www.krupps.com\/wp-content\/uploads\/2019\/05\/KRUPPS-C432H-ADVANCE-e1557128557956-848x282.jpg 848w, https:\/\/www.krupps.com\/wp-content\/uploads\/2019\/05\/KRUPPS-C432H-ADVANCE-e1557128557956-1442x479.jpg 1442w\" alt=\"\" title=\"KRUPPS &#8211; C432H ADVANCE\" width=\"848\" height=\"282\"  \/><\/a>\n\t<\/div>\n<\/div>\n\n\n<div class=\"post-entry-content\">\n\n\t<div class=\"entry-excerpt\"><p>[vc_row][vc_column][vc_single_image image=\u00a0\u00bb21790&Prime; img_size=\u00a0\u00bblarge\u00a0\u00bb][\/vc_column][\/vc_row][vc_row][vc_column][vc_column_text] Avec ADVANCE, un pas en avant qui garantit de grandes performances. La ligne Cube a toujours \u00e9t\u00e9 synonyme de fiabilit\u00e9 et de facilit\u00e9 d&rsquo;utilisation gr\u00e2ce aux commandes pratiques \u00e0 boutons. Ces fonctionnalit\u00e9s atteignent leur expression maximale gr\u00e2ce \u00e0 ADVANCE, le nouveau panneau de commande qui am\u00e9liore les produits de la gamme Cube.&hellip;<\/p>\n<\/div>\n\t\n<a href=\"https:\/\/www.krupps.com\/fr\/blog\/advance\/\" class=\"dt-btn-s dt-btn post-details details-type-btn\" aria-label=\"Read more about ADVANCE: la ligne Cube devient la plus performante que jamais\" rel=\"nofollow\">Read Article<i class=\"dt-icon-the7-arrow-03\" aria-hidden=\"true\"><\/i><\/a>\n\n<\/div><\/article><article class=\"post project-odd hidden post-20443 type-post status-publish format-standard has-post-thumbnail hentry category-news-fr category-90 description-off\" data-name=\"Fermeture pour Cong\u00e9 Estivale\" data-date=\"2018-07-10T16:23:29+02:00\">\n<div class=\"post-entry-title-content\">\n\t<h3 class=\"entry-title\">\n\t\t<a href=\"https:\/\/www.krupps.com\/fr\/blog\/chiusura-per-ferie-estive\/\" title=\"Fermeture pour Cong\u00e9 Estivale\" rel=\"bookmark\">Fermeture pour Cong\u00e9 Estivale<\/a>\n\t<\/h3>\n\n\t<\/div>\n\n\n<div class=\"post-thumbnail-wrap\">\n\t<div class=\"post-thumbnail\">\n\n\t\t\n\t\t\n\t\t<a href=\"https:\/\/www.krupps.com\/fr\/blog\/chiusura-per-ferie-estive\/\" class=\"post-thumbnail-rollover layzr-bg layzr-bg\" ><img loading=\"lazy\" decoding=\"async\" class=\"blog-thumb-lazy-load preload-me lazy-load\" src=\"data:image\/svg+xml,%3Csvg%20xmlns%3D&#39;http%3A%2F%2Fwww.w3.org%2F2000%2Fsvg&#39;%20viewBox%3D&#39;0%200%20600%20199&#39;%2F%3E\" data-src=\"https:\/\/www.krupps.com\/wp-content\/uploads\/2018\/07\/News-Ferie-ENG_per-sito-600x199.png\" data-srcset=\"https:\/\/www.krupps.com\/wp-content\/uploads\/2018\/07\/News-Ferie-ENG_per-sito-600x199.png 600w\" alt=\"\" title=\"News Ferie ENG_per sito\" width=\"600\" height=\"199\"  \/><\/a>\n\t<\/div>\n<\/div>\n\n\n<div class=\"post-entry-content\">\n\n\t<div class=\"entry-excerpt\"><p>[vc_row][vc_column][vc_single_image image=\u00a0\u00bb20441&Prime; img_size=\u00a0\u00bb800&#215;600&Prime; alignment=\u00a0\u00bbcenter\u00a0\u00bb][\/vc_column][\/vc_row][vc_row][vc_column][vc_column_text] C&rsquo;est arriv\u00e9 le temps de la fermeture estivale! Nous vous unformons que notre si\u00e8ge sera ferm\u00e9e pour cong\u00e9 estivale\u00a0du 11 Ao\u00fbt 2018 au 02 Septembre2018. Nos bureaux vont r\u00e9ouvrir reguli\u00e8rement le Lundi\u00a003 Septembre 2018.[\/vc_column_text][\/vc_column][\/vc_row]<\/p>\n<\/div>\n\t\n<a href=\"https:\/\/www.krupps.com\/fr\/blog\/chiusura-per-ferie-estive\/\" class=\"dt-btn-s dt-btn post-details details-type-btn\" aria-label=\"Read more about Fermeture pour Cong\u00e9 Estivale\" rel=\"nofollow\">Read Article<i class=\"dt-icon-the7-arrow-03\" aria-hidden=\"true\"><\/i><\/a>\n\n<\/div><\/article><article class=\"post project-odd hidden post-20423 type-post status-publish format-standard has-post-thumbnail hentry category-en-evidence category-news-fr category-84 category-90 description-off\" data-name=\"Verres brillants chez chef Antonello Colonna\" data-date=\"2018-07-09T11:23:08+02:00\">\n<div class=\"post-entry-title-content\">\n\t<h3 class=\"entry-title\">\n\t\t<a href=\"https:\/\/www.krupps.com\/fr\/blog\/verres-brillants-chez-chef-antonello-colonna\/\" title=\"Verres brillants chez chef Antonello Colonna\" rel=\"bookmark\">Verres brillants chez chef Antonello Colonna<\/a>\n\t<\/h3>\n\n\t<\/div>\n\n\n<div class=\"post-thumbnail-wrap\">\n\t<div class=\"post-thumbnail\">\n\n\t\t\n\t\t\n\t\t<a href=\"https:\/\/www.krupps.com\/fr\/blog\/verres-brillants-chez-chef-antonello-colonna\/\" class=\"post-thumbnail-rollover layzr-bg layzr-bg\" ><img loading=\"lazy\" decoding=\"async\" class=\"blog-thumb-lazy-load preload-me lazy-load\" src=\"data:image\/svg+xml,%3Csvg%20xmlns%3D&#39;http%3A%2F%2Fwww.w3.org%2F2000%2Fsvg&#39;%20viewBox%3D&#39;0%200%20848%20282&#39;%2F%3E\" data-src=\"https:\/\/www.krupps.com\/wp-content\/uploads\/2018\/06\/000_0157-848x282.jpg\" data-srcset=\"https:\/\/www.krupps.com\/wp-content\/uploads\/2018\/06\/000_0157-848x282.jpg 848w, https:\/\/www.krupps.com\/wp-content\/uploads\/2018\/06\/000_0157-1442x479.jpg 1442w\" alt=\"Lo chef Antonello Colonna all&#039;opera in cucina\" title=\"Chef Antonello Colonna\" width=\"848\" height=\"282\"  \/><\/a>\n\t<\/div>\n<\/div>\n\n\n<div class=\"post-entry-content\">\n\n\t<div class=\"entry-excerpt\"><p>[vc_row][vc_column][vc_column_text]\u00abLe plus gros probl\u00e8me avec le lave-verres que j&rsquo;avais avant \u00e9tait que les verres n&rsquo;\u00e9taient pas parfaitement secs \u00e0 la fin du lavage, nous devions donc les s\u00e9cher \u00e0 la main, avec une perte de temps \u00e9vidente et un risque accru de casse. Avec le nouveau lave-verre j&rsquo;ai trouv\u00e9 que ces probl\u00e8mes \u00e9taient r\u00e9solus \u00bb&hellip;<\/p>\n<\/div>\n\t\n<a href=\"https:\/\/www.krupps.com\/fr\/blog\/verres-brillants-chez-chef-antonello-colonna\/\" class=\"dt-btn-s dt-btn post-details details-type-btn\" aria-label=\"Read more about Verres brillants chez chef Antonello Colonna\" rel=\"nofollow\">Read Article<i class=\"dt-icon-the7-arrow-03\" aria-hidden=\"true\"><\/i><\/a>\n\n<\/div><\/article><article class=\"post project-odd hidden post-20239 type-post status-publish format-standard has-post-thumbnail hentry category-en-evidence category-news-fr category-84 category-90 description-off\" data-name=\"C&rsquo;est arriv\u00e9 SO3000K, l&rsquo;osmoseur plus simple que jamais\" data-date=\"2018-06-28T10:00:06+02:00\">\n<div class=\"post-entry-title-content\">\n\t<h3 class=\"entry-title\">\n\t\t<a href=\"https:\/\/www.krupps.com\/fr\/blog\/so3000k\/\" title=\"C&rsquo;est arriv\u00e9 SO3000K, l&rsquo;osmoseur plus simple que jamais\" rel=\"bookmark\">C&rsquo;est arriv\u00e9 SO3000K, l&rsquo;osmoseur plus simple que jamais<\/a>\n\t<\/h3>\n\n\t<\/div>\n\n\n<div class=\"post-thumbnail-wrap\">\n\t<div class=\"post-thumbnail\">\n\n\t\t\n\t\t\n\t\t<a href=\"https:\/\/www.krupps.com\/fr\/blog\/so3000k\/\" class=\"post-thumbnail-rollover layzr-bg layzr-bg\" ><img loading=\"lazy\" decoding=\"async\" class=\"blog-thumb-lazy-load preload-me lazy-load\" src=\"data:image\/svg+xml,%3Csvg%20xmlns%3D&#39;http%3A%2F%2Fwww.w3.org%2F2000%2Fsvg&#39;%20viewBox%3D&#39;0%200%20848%20282&#39;%2F%3E\" data-src=\"https:\/\/www.krupps.com\/wp-content\/uploads\/2018\/02\/iStock_15258962_XXLARGE-e1528875324544-848x282.jpg\" data-srcset=\"https:\/\/www.krupps.com\/wp-content\/uploads\/2018\/02\/iStock_15258962_XXLARGE-e1528875324544-848x282.jpg 848w, https:\/\/www.krupps.com\/wp-content\/uploads\/2018\/02\/iStock_15258962_XXLARGE-e1528875324544-1442x479.jpg 1442w\" alt=\"\" title=\"Krupps &#8211; 4 bicchieri osmosi\" width=\"848\" height=\"282\"  \/><\/a>\n\t<\/div>\n<\/div>\n\n\n<div class=\"post-entry-content\">\n\n\t<div class=\"entry-excerpt\"><p>[vc_row][vc_column][vc_column_text]Notre d\u00e9partement Recherche et D\u00e9veloppement travaille toujours\u00a0 sur des solutions qui am\u00e9liorent vos op\u00e9rations quotidiennes. La demande croissante du Syst\u00e8me d&rsquo;Osmose nous a conduit \u00e0 travailler pour perfectionner le seul produit capable de garantir des verres brillants et secs\u00a0sans s\u00e9chage manuel. Notre projet a am\u00e9lior\u00e9 l&rsquo;exp\u00e9rience utilisateur, en simplifiant en m\u00eame temps les interventions d&rsquo;assistance&hellip;<\/p>\n<\/div>\n\t\n<a href=\"https:\/\/www.krupps.com\/fr\/blog\/so3000k\/\" class=\"dt-btn-s dt-btn post-details details-type-btn\" aria-label=\"Read more about C&rsquo;est arriv\u00e9 SO3000K, l&rsquo;osmoseur plus simple que jamais\" rel=\"nofollow\">Read Article<i class=\"dt-icon-the7-arrow-03\" aria-hidden=\"true\"><\/i><\/a>\n\n<\/div><\/article><article class=\"post project-odd hidden post-17882 type-post status-publish format-standard has-post-thumbnail hentry category-news-fr category-90 description-off\" data-name=\"Vacances de No\u00ebl\" data-date=\"2017-12-11T16:09:45+01:00\">\n<div class=\"post-entry-title-content\">\n\t<h3 class=\"entry-title\">\n\t\t<a href=\"https:\/\/www.krupps.com\/fr\/blog\/vacances-de-noel\/\" title=\"Vacances de No\u00ebl\" rel=\"bookmark\">Vacances de No\u00ebl<\/a>\n\t<\/h3>\n\n\t<\/div>\n\n\n<div class=\"post-thumbnail-wrap\">\n\t<div class=\"post-thumbnail\">\n\n\t\t\n\t\t\n\t\t<a href=\"https:\/\/www.krupps.com\/fr\/blog\/vacances-de-noel\/\" class=\"post-thumbnail-rollover layzr-bg layzr-bg\" ><img loading=\"lazy\" decoding=\"async\" class=\"blog-thumb-lazy-load preload-me lazy-load\" src=\"data:image\/svg+xml,%3Csvg%20xmlns%3D&#39;http%3A%2F%2Fwww.w3.org%2F2000%2Fsvg&#39;%20viewBox%3D&#39;0%200%20848%20282&#39;%2F%3E\" data-src=\"https:\/\/www.krupps.com\/wp-content\/uploads\/2017\/12\/24302341_1447467832038175_5489149553193629925_o-848x282.jpg\" data-srcset=\"https:\/\/www.krupps.com\/wp-content\/uploads\/2017\/12\/24302341_1447467832038175_5489149553193629925_o-848x282.jpg 848w, https:\/\/www.krupps.com\/wp-content\/uploads\/2017\/12\/24302341_1447467832038175_5489149553193629925_o-1200x398.jpg 1200w\" alt=\"\" title=\"24302341_1447467832038175_5489149553193629925_o\" width=\"848\" height=\"282\"  \/><\/a>\n\t<\/div>\n<\/div>\n\n\n<div class=\"post-entry-content\">\n\n\t<div class=\"entry-excerpt\"><p>Nous vous informons que notre entreprise sera ferm\u00e9e pour les vacances de No\u00ebl du 23 d\u00e9cembre 2017 au 07 janvier 2018. Les activit\u00e9s reprendront r\u00e9guli\u00e8rement Lundi 08 Janvier 2018. Bonnes f\u00eates \u00e0 tous! &nbsp;<\/p>\n<\/div>\n\t\n<a href=\"https:\/\/www.krupps.com\/fr\/blog\/vacances-de-noel\/\" class=\"dt-btn-s dt-btn post-details details-type-btn\" aria-label=\"Read more about Vacances de No\u00ebl\" rel=\"nofollow\">Read Article<i class=\"dt-icon-the7-arrow-03\" aria-hidden=\"true\"><\/i><\/a>\n\n<\/div><\/article><article class=\"post project-odd hidden post-17896 type-post status-publish format-standard has-post-thumbnail hentry category-en-evidence category-media-fr category-news-fr category-84 category-117 category-90 description-off\" data-name=\"Utiliser l\u2019\u00e9cran UNIKO-MID\" data-date=\"2017-12-06T15:37:36+01:00\">\n<div class=\"post-entry-title-content\">\n\t<h3 class=\"entry-title\">\n\t\t<a href=\"https:\/\/www.krupps.com\/fr\/blog\/utiliser-lecran-tactile-uniko-mid\/\" title=\"Utiliser l\u2019\u00e9cran UNIKO-MID\" rel=\"bookmark\">Utiliser l\u2019\u00e9cran UNIKO-MID<\/a>\n\t<\/h3>\n\n\t<\/div>\n\n\n<div class=\"post-thumbnail-wrap\">\n\t<div class=\"post-thumbnail\">\n\n\t\t\n\t\t\n\t\t<a href=\"https:\/\/www.krupps.com\/fr\/blog\/utiliser-lecran-tactile-uniko-mid\/\" class=\"post-thumbnail-rollover layzr-bg layzr-bg\" ><img loading=\"lazy\" decoding=\"async\" class=\"blog-thumb-lazy-load preload-me lazy-load\" src=\"data:image\/svg+xml,%3Csvg%20xmlns%3D&#39;http%3A%2F%2Fwww.w3.org%2F2000%2Fsvg&#39;%20viewBox%3D&#39;0%200%20848%20282&#39;%2F%3E\" data-src=\"https:\/\/www.krupps.com\/wp-content\/uploads\/2017\/11\/K540E_Web_UnikoMid_sito-sez.-news-848x282.jpg\" data-srcset=\"https:\/\/www.krupps.com\/wp-content\/uploads\/2017\/11\/K540E_Web_UnikoMid_sito-sez.-news-848x282.jpg 848w, https:\/\/www.krupps.com\/wp-content\/uploads\/2017\/11\/K540E_Web_UnikoMid_sito-sez.-news-1180x391.jpg 1180w\" alt=\"\" title=\"K540E_Web_UnikoMid_sito sez. news\" width=\"848\" height=\"282\"  \/><\/a>\n\t<\/div>\n<\/div>\n\n\n<div class=\"post-entry-content\">\n\n\t<div class=\"entry-excerpt\"><p>[vc_row][vc_column][vc_column_text]La simplicit\u00e9 vient avant tout, les prestations \u00e9galement. UNIKO-MID contient ce deux valeurs dans un \u00e9cran tr\u00e8s simple \u00e0 utiliser et qui garantit une grande fiabilit\u00e9 gr\u00e2ce au verre tremp\u00e9. Il est disponible avec quatre cycles de lavage et il suffit simplement d&rsquo;appuyer sur les fl\u00e8ches pour choisir le meilleurs par rapport aux vaisselles \u00e0&hellip;<\/p>\n<\/div>\n\t\n<a href=\"https:\/\/www.krupps.com\/fr\/blog\/utiliser-lecran-tactile-uniko-mid\/\" class=\"dt-btn-s dt-btn post-details details-type-btn\" aria-label=\"Read more about Utiliser l\u2019\u00e9cran UNIKO-MID\" rel=\"nofollow\">Read Article<i class=\"dt-icon-the7-arrow-03\" aria-hidden=\"true\"><\/i><\/a>\n\n<\/div><\/article><article class=\"post project-odd hidden post-17677 type-post status-publish format-standard has-post-thumbnail hentry category-en-evidence category-media-fr category-news-fr category-84 category-117 category-90 description-off\" data-name=\"Utiliser l\u2019\u00e9cran tactile UNIKO\" data-date=\"2017-11-29T15:37:36+01:00\">\n<div class=\"post-entry-title-content\">\n\t<h3 class=\"entry-title\">\n\t\t<a href=\"https:\/\/www.krupps.com\/fr\/blog\/utiliser-ecran-uniko\/\" title=\"Utiliser l\u2019\u00e9cran tactile UNIKO\" rel=\"bookmark\">Utiliser l\u2019\u00e9cran tactile UNIKO<\/a>\n\t<\/h3>\n\n\t<\/div>\n\n\n<div class=\"post-thumbnail-wrap\">\n\t<div class=\"post-thumbnail\">\n\n\t\t\n\t\t\n\t\t<a href=\"https:\/\/www.krupps.com\/fr\/blog\/utiliser-ecran-uniko\/\" class=\"post-thumbnail-rollover layzr-bg layzr-bg\" ><img loading=\"lazy\" decoding=\"async\" class=\"blog-thumb-lazy-load preload-me lazy-load\" src=\"data:image\/svg+xml,%3Csvg%20xmlns%3D&#39;http%3A%2F%2Fwww.w3.org%2F2000%2Fsvg&#39;%20viewBox%3D&#39;0%200%20848%20282&#39;%2F%3E\" data-src=\"https:\/\/www.krupps.com\/wp-content\/uploads\/2017\/11\/EL50_12_09_17-nuova-maniglia_sito-sez.-news-848x282.png\" data-srcset=\"https:\/\/www.krupps.com\/wp-content\/uploads\/2017\/11\/EL50_12_09_17-nuova-maniglia_sito-sez.-news-848x282.png 848w, https:\/\/www.krupps.com\/wp-content\/uploads\/2017\/11\/EL50_12_09_17-nuova-maniglia_sito-sez.-news-1442x479.png 1442w\" alt=\"\" title=\"EL50_12_09_17 nuova maniglia_sito sez. news\" width=\"848\" height=\"282\"  \/><\/a>\n\t<\/div>\n<\/div>\n\n\n<div class=\"post-entry-content\">\n\n\t<div class=\"entry-excerpt\"><p>[vc_row][vc_column][vc_column_text]Il faut deux touches pour s\u00e9lectionner le meilleur cycle de lavage et avoir des r\u00e9sultats impeccables, il faut juste des simples touches pour joindre la perfection. Il s\u2019appelle UNIKO et c\u2019est le premier \u00e9cran tactile en verre tremp\u00e9, con\u00e7u pour garantir des grandes performances avec des simples passages. S\u00e9lectionnez l\u2019ic\u00f4ne correspondante aux vaisselles que vous&hellip;<\/p>\n<\/div>\n\t\n<a href=\"https:\/\/www.krupps.com\/fr\/blog\/utiliser-ecran-uniko\/\" class=\"dt-btn-s dt-btn post-details details-type-btn\" aria-label=\"Read more about Utiliser l\u2019\u00e9cran tactile UNIKO\" rel=\"nofollow\">Read Article<i class=\"dt-icon-the7-arrow-03\" aria-hidden=\"true\"><\/i><\/a>\n\n<\/div><\/article><article class=\"post project-odd hidden post-17548 type-post status-publish format-standard has-post-thumbnail hentry category-fiere-eventi-fr category-news-fr category-111 category-90 description-off\" data-name=\"Host 2017 \u2013 Where Krupps\u2019 hospitality meets the business\" data-date=\"2017-10-30T15:05:30+01:00\">\n<div class=\"post-entry-title-content\">\n\t<h3 class=\"entry-title\">\n\t\t<a href=\"https:\/\/www.krupps.com\/fr\/blog\/host-2017-where-krupps-hospitality-meets-the-business\/\" title=\"Host 2017 \u2013 Where Krupps\u2019 hospitality meets the business\" rel=\"bookmark\">Host 2017 \u2013 Where Krupps\u2019 hospitality meets the business<\/a>\n\t<\/h3>\n\n\t<\/div>\n\n\n<div class=\"post-thumbnail-wrap\">\n\t<div class=\"post-thumbnail\">\n\n\t\t\n\t\t\n\t\t<a href=\"https:\/\/www.krupps.com\/fr\/blog\/host-2017-where-krupps-hospitality-meets-the-business\/\" class=\"post-thumbnail-rollover layzr-bg layzr-bg\" ><img loading=\"lazy\" decoding=\"async\" class=\"blog-thumb-lazy-load preload-me lazy-load\" src=\"data:image\/svg+xml,%3Csvg%20xmlns%3D&#39;http%3A%2F%2Fwww.w3.org%2F2000%2Fsvg&#39;%20viewBox%3D&#39;0%200%20591%20196&#39;%2F%3E\" data-src=\"https:\/\/www.krupps.com\/wp-content\/uploads\/2017\/11\/Host2017_Logo_Orizzontale_Positivo-591x196.png\" data-srcset=\"https:\/\/www.krupps.com\/wp-content\/uploads\/2017\/11\/Host2017_Logo_Orizzontale_Positivo-591x196.png 591w\" alt=\"\" title=\"Host2017_Logo_Orizzontale_Positivo\" width=\"591\" height=\"196\"  \/><\/a>\n\t<\/div>\n<\/div>\n\n\n<div class=\"post-entry-content\">\n\n\t<div class=\"entry-excerpt\"><p>[vc_row][vc_column][vc_column_text]In its 40th edition Host is the exhibition leader in the Ho.Re.Ca, food service, retail, mass distribution channel and hotel industries and of course we enjoyed this important occasion. A great flow of visitors was registered during five days at our stand in Hall 7 and the 65% of them was coming from foreign countries,&hellip;<\/p>\n<\/div>\n\t\n<a href=\"https:\/\/www.krupps.com\/fr\/blog\/host-2017-where-krupps-hospitality-meets-the-business\/\" class=\"dt-btn-s dt-btn post-details details-type-btn\" aria-label=\"Read more about Host 2017 \u2013 Where Krupps\u2019 hospitality meets the business\" rel=\"nofollow\">Read Article<i class=\"dt-icon-the7-arrow-03\" aria-hidden=\"true\"><\/i><\/a>\n\n<\/div><\/article><article class=\"post project-odd hidden post-16806 type-post status-publish format-standard has-post-thumbnail hentry category-en-evidence category-news-fr category-84 category-90 description-off\" data-name=\"IKLOUD and UNIKO winner of the Smart Label 2017 award\" data-date=\"2017-08-02T17:35:25+02:00\">\n<div class=\"post-entry-title-content\">\n\t<h3 class=\"entry-title\">\n\t\t<a href=\"https:\/\/www.krupps.com\/fr\/blog\/ikloud-and-uniko-winner-of-the-smart-label-2017-award\/\" title=\"IKLOUD and UNIKO winner of the Smart Label 2017 award\" rel=\"bookmark\">IKLOUD and UNIKO winner of the Smart Label 2017 award<\/a>\n\t<\/h3>\n\n\t<\/div>\n\n\n<div class=\"post-thumbnail-wrap\">\n\t<div class=\"post-thumbnail\">\n\n\t\t\n\t\t\n\t\t<a href=\"https:\/\/www.krupps.com\/fr\/blog\/ikloud-and-uniko-winner-of-the-smart-label-2017-award\/\" class=\"post-thumbnail-rollover layzr-bg layzr-bg\" ><img loading=\"lazy\" decoding=\"async\" class=\"blog-thumb-lazy-load preload-me lazy-load\" src=\"data:image\/svg+xml,%3Csvg%20xmlns%3D&#39;http%3A%2F%2Fwww.w3.org%2F2000%2Fsvg&#39;%20viewBox%3D&#39;0%200%20848%20282&#39;%2F%3E\" data-src=\"https:\/\/www.krupps.com\/wp-content\/uploads\/2017\/08\/SMARTLABEL-2-848x282.png\" data-srcset=\"https:\/\/www.krupps.com\/wp-content\/uploads\/2017\/08\/SMARTLABEL-2-848x282.png 848w, https:\/\/www.krupps.com\/wp-content\/uploads\/2017\/08\/SMARTLABEL-2-1280x425.png 1280w\" alt=\"\" title=\"SMARTLABEL-2\" width=\"848\" height=\"282\"  \/><\/a>\n\t<\/div>\n<\/div>\n\n\n<div class=\"post-entry-content\">\n\n\t<div class=\"entry-excerpt\"><p>[vc_row][vc_column][vc_column_text]We are proud to announce that our last innovations, IKLOUD and UNIKO, won the Smart Label 2017 award. The award for innovation in the professional hospitality industry supported by HostMilano and POLI.design registered 179 candidacies and only 58 producer have been awarded by an international board of experts. This year Smart Label has geared itself&hellip;<\/p>\n<\/div>\n\t\n<a href=\"https:\/\/www.krupps.com\/fr\/blog\/ikloud-and-uniko-winner-of-the-smart-label-2017-award\/\" class=\"dt-btn-s dt-btn post-details details-type-btn\" aria-label=\"Read more about IKLOUD and UNIKO winner of the Smart Label 2017 award\" rel=\"nofollow\">Read Article<i class=\"dt-icon-the7-arrow-03\" aria-hidden=\"true\"><\/i><\/a>\n\n<\/div><\/article><article class=\"post project-odd hidden no-img post-15902 type-post status-publish format-standard hentry category-news-fr category-90 description-off\" data-name=\"Allsop &#038; Pitts signs up to Krupps service network\" data-date=\"2016-05-12T11:43:40+02:00\">\n<div class=\"post-entry-title-content\">\n\t<h3 class=\"entry-title\">\n\t\t<a href=\"https:\/\/www.krupps.com\/fr\/blog\/allsop-pitts-signs-up-to-krupps-service-network\/\" title=\"Allsop &#038; Pitts signs up to Krupps service network\" rel=\"bookmark\">Allsop &#038; Pitts signs up to Krupps service network<\/a>\n\t<\/h3>\n\n\t<\/div>\n\n\n<div class=\"post-entry-content\">\n\n\t<div class=\"entry-excerpt\"><p>[vc_row][vc_column][vc_column_text]Italian-headquartered warewashing manufacturer, Krupps, is continuing to forge ahead with developing its UK service network.[\/vc_column_text][\/vc_column][\/vc_row]<\/p>\n<\/div>\n\t\n<a href=\"https:\/\/www.krupps.com\/fr\/blog\/allsop-pitts-signs-up-to-krupps-service-network\/\" class=\"dt-btn-s dt-btn post-details details-type-btn\" aria-label=\"Read more about Allsop &#038; Pitts signs up to Krupps service network\" rel=\"nofollow\">Read Article<i class=\"dt-icon-the7-arrow-03\" aria-hidden=\"true\"><\/i><\/a>\n\n<\/div><\/article><article class=\"post project-odd hidden no-img post-15914 type-post status-publish format-standard hentry category-news-fr category-90 description-off\" data-name=\"GULFOOD Trade Fair 2016 in Dubai\" data-date=\"2016-02-23T12:18:11+01:00\">\n<div class=\"post-entry-title-content\">\n\t<h3 class=\"entry-title\">\n\t\t<a href=\"https:\/\/www.krupps.com\/fr\/blog\/gulfood-trade-fair-2016-in-dubai\/\" title=\"GULFOOD Trade Fair 2016 in Dubai\" rel=\"bookmark\">GULFOOD Trade Fair 2016 in Dubai<\/a>\n\t<\/h3>\n\n\t<\/div>\n\n\n<div class=\"post-entry-content\">\n\n\t<div class=\"entry-excerpt\"><p>[vc_row][vc_column][vc_column_text] We are present at Gulfood Trade Fair 2016 in Dubai (Arab Emirates) from 26th of February to 2nd of March. [\/vc_column_text][\/vc_column][\/vc_row][vc_row][vc_column][vc_media_grid initial_loading_animation=\u00a0\u00bbnone\u00a0\u00bb grid_id=\u00a0\u00bbvc_gid:1504778961060-47c744a1-2d58-9&Prime; include=\u00a0\u00bb15840,15841,15842,15843,15844,15845,15846&Prime;][\/vc_column][\/vc_row]<\/p>\n<\/div>\n\t\n<a href=\"https:\/\/www.krupps.com\/fr\/blog\/gulfood-trade-fair-2016-in-dubai\/\" class=\"dt-btn-s dt-btn post-details details-type-btn\" aria-label=\"Read more about GULFOOD Trade Fair 2016 in Dubai\" rel=\"nofollow\">Read Article<i class=\"dt-icon-the7-arrow-03\" aria-hidden=\"true\"><\/i><\/a>\n\n<\/div><\/article><article class=\"post project-odd hidden no-img post-15928 type-post status-publish format-standard hentry category-en-evidence category-news-fr category-84 category-90 description-off\" data-name=\"Krupps signs up first UK service partner\" data-date=\"2016-02-17T12:29:50+01:00\">\n<div class=\"post-entry-title-content\">\n\t<h3 class=\"entry-title\">\n\t\t<a href=\"https:\/\/www.krupps.com\/fr\/blog\/krupps-signs-up-first-uk-service-partner\/\" title=\"Krupps signs up first UK service partner\" rel=\"bookmark\">Krupps signs up first UK service partner<\/a>\n\t<\/h3>\n\n\t<\/div>\n\n\n<div class=\"post-entry-content\">\n\n\t<div class=\"entry-excerpt\"><p>[vc_row][vc_column][vc_column_text]Italian warewasher manufacturer, Krupps, is continuing its push into the UK market by signing up its first after sales service partner. Click here to see the news&#8230;[\/vc_column_text][\/vc_column][\/vc_row]<\/p>\n<\/div>\n\t\n<a href=\"https:\/\/www.krupps.com\/fr\/blog\/krupps-signs-up-first-uk-service-partner\/\" class=\"dt-btn-s dt-btn post-details details-type-btn\" aria-label=\"Read more about Krupps signs up first UK service partner\" rel=\"nofollow\">Read Article<i class=\"dt-icon-the7-arrow-03\" aria-hidden=\"true\"><\/i><\/a>\n\n<\/div><\/article><article class=\"post project-odd hidden post-21606 type-post status-publish format-standard has-post-thumbnail hentry category-en-evidence category-media-fr category-news-fr category-84 category-117 category-90 description-off\" data-name=\"Host 2015: dopo 50 anni di successi ancora tanta innovazione\" data-date=\"2015-11-06T14:40:48+01:00\">\n<div class=\"post-entry-title-content\">\n\t<h3 class=\"entry-title\">\n\t\t<a href=\"https:\/\/www.krupps.com\/fr\/blog\/video-host-2015\/\" title=\"Host 2015: dopo 50 anni di successi ancora tanta innovazione\" rel=\"bookmark\">Host 2015: dopo 50 anni di successi ancora tanta innovazione<\/a>\n\t<\/h3>\n\n\t<\/div>\n\n\n<div class=\"post-thumbnail-wrap\">\n\t<div class=\"post-thumbnail\">\n\n\t\t\n\t\t\n\t\t<a href=\"https:\/\/www.krupps.com\/fr\/blog\/video-host-2015\/\" class=\"post-thumbnail-rollover layzr-bg layzr-bg\" ><img loading=\"lazy\" decoding=\"async\" class=\"blog-thumb-lazy-load preload-me lazy-load\" src=\"data:image\/svg+xml,%3Csvg%20xmlns%3D&#39;http%3A%2F%2Fwww.w3.org%2F2000%2Fsvg&#39;%20viewBox%3D&#39;0%200%20354%20117&#39;%2F%3E\" data-src=\"https:\/\/www.krupps.com\/wp-content\/uploads\/2015\/12\/Logo50Vert_web_150dpi-354x117.png\" data-srcset=\"https:\/\/www.krupps.com\/wp-content\/uploads\/2015\/12\/Logo50Vert_web_150dpi-354x117.png 354w\" alt=\"\" title=\"Logo50Vert_web_150dpi\" width=\"354\" height=\"117\"  \/><\/a>\n\t<\/div>\n<\/div>\n\n\n<div class=\"post-entry-content\">\n\n\t<div class=\"entry-excerpt\"><p>[vc_row][vc_column][vc_column_text]In questo video abbiamo riassunto l&rsquo;esperienza all&rsquo;interno del nostro stand a Host 2015, un evento di grande importanza che ha rappresentato non solo la celebrazione del nostro 50esimo anniversario ma anche la presentazione al mondo HoReCa di un nuovo impulso tecnologico ed innovativo.[\/vc_column_text][vc_video link=\u00a0\u00bbhttps:\/\/youtu.be\/WZnX_FyQS-M\u00a0\u00bb][\/vc_column][\/vc_row]<\/p>\n<\/div>\n\t\n<a href=\"https:\/\/www.krupps.com\/fr\/blog\/video-host-2015\/\" class=\"dt-btn-s dt-btn post-details details-type-btn\" aria-label=\"Read more about Host 2015: dopo 50 anni di successi ancora tanta innovazione\" rel=\"nofollow\">Read Article<i class=\"dt-icon-the7-arrow-03\" aria-hidden=\"true\"><\/i><\/a>\n\n<\/div><\/article><article class=\"post project-odd hidden post-20474 type-post status-publish format-standard has-post-thumbnail hentry category-en-evidence category-media-fr category-news-fr category-84 category-117 category-90 description-off\" data-name=\"F\u00eatons nos 50 premi\u00e8res ann\u00e9es avec une nouvelle vid\u00e9o d&rsquo;entreprise\" data-date=\"2015-09-06T14:40:48+02:00\">\n<div class=\"post-entry-title-content\">\n\t<h3 class=\"entry-title\">\n\t\t<a href=\"https:\/\/www.krupps.com\/fr\/blog\/video-50-annees\/\" title=\"F\u00eatons nos 50 premi\u00e8res ann\u00e9es avec une nouvelle vid\u00e9o d&rsquo;entreprise\" rel=\"bookmark\">F\u00eatons nos 50 premi\u00e8res ann\u00e9es avec une nouvelle vid\u00e9o d&rsquo;entreprise<\/a>\n\t<\/h3>\n\n\t<\/div>\n\n\n<div class=\"post-thumbnail-wrap\">\n\t<div class=\"post-thumbnail\">\n\n\t\t\n\t\t\n\t\t<a href=\"https:\/\/www.krupps.com\/fr\/blog\/video-50-annees\/\" class=\"post-thumbnail-rollover layzr-bg layzr-bg\" ><img loading=\"lazy\" decoding=\"async\" class=\"blog-thumb-lazy-load preload-me lazy-load\" src=\"data:image\/svg+xml,%3Csvg%20xmlns%3D&#39;http%3A%2F%2Fwww.w3.org%2F2000%2Fsvg&#39;%20viewBox%3D&#39;0%200%20354%20117&#39;%2F%3E\" data-src=\"https:\/\/www.krupps.com\/wp-content\/uploads\/2015\/12\/Logo50Vert_web_150dpi-354x117.png\" data-srcset=\"https:\/\/www.krupps.com\/wp-content\/uploads\/2015\/12\/Logo50Vert_web_150dpi-354x117.png 354w\" alt=\"\" title=\"Logo50Vert_web_150dpi\" width=\"354\" height=\"117\"  \/><\/a>\n\t<\/div>\n<\/div>\n\n\n<div class=\"post-entry-content\">\n\n\t<div class=\"entry-excerpt\"><p>[vc_row][vc_column][vc_column_text] 1965 &#8211; 2015 Les premi\u00e8res\u00a050 ann\u00e9es d&rsquo;activit\u00e9 sont une \u00e9tape tr\u00e9s importante, qui repr\u00e9sente notre histoire et la solidit\u00e9 d&rsquo;une entreprise qui a su se renouveler au fil du temps. Dans cette nouvelle vid\u00e9o d&rsquo;entreprise, nous voulions ouvrir les portes de notre si\u00e8ge \u00e0 Padoue, afin de vous montrer les valeurs et les personnes&hellip;<\/p>\n<\/div>\n\t\n<a href=\"https:\/\/www.krupps.com\/fr\/blog\/video-50-annees\/\" class=\"dt-btn-s dt-btn post-details details-type-btn\" aria-label=\"Read more about F\u00eatons nos 50 premi\u00e8res ann\u00e9es avec une nouvelle vid\u00e9o d&rsquo;entreprise\" rel=\"nofollow\">Read Article<i class=\"dt-icon-the7-arrow-03\" aria-hidden=\"true\"><\/i><\/a>\n\n<\/div><\/article><div class=\"paginator paginator-more-button\">\n\t\t\t\t<a class=\"button-load-more \" href=\"javascript:void(0);\" data-dt-page=\"1\" ><span class=\"stick\"><\/span><span class=\"stick\"><\/span><span class=\"stick\"><\/span><span class=\"button-caption\">Charger la suite<\/span><\/a>\n\t\t\t<\/div><\/div>[\/vc_column][\/vc_row]<\/p>\n<\/div>","protected":false},"excerpt":{"rendered":"<p>[vc_row type=\u00a0\u00bbvc_default\u00a0\u00bb][vc_column][\/vc_column][\/vc_row]<\/p>\n","protected":false},"author":1,"featured_media":0,"parent":0,"menu_order":300,"comment_status":"closed","ping_status":"closed","template":"","meta":{"_acf_changed":false,"footnotes":""},"class_list":["post-15964","page","type-page","status-publish","hentry","description-off"],"acf":[],"_links":{"self":[{"href":"https:\/\/www.krupps.com\/fr\/wp-json\/wp\/v2\/pages\/15964","targetHints":{"allow":["GET"]}}],"collection":[{"href":"https:\/\/www.krupps.com\/fr\/wp-json\/wp\/v2\/pages"}],"about":[{"href":"https:\/\/www.krupps.com\/fr\/wp-json\/wp\/v2\/types\/page"}],"author":[{"embeddable":true,"href":"https:\/\/www.krupps.com\/fr\/wp-json\/wp\/v2\/users\/1"}],"replies":[{"embeddable":true,"href":"https:\/\/www.krupps.com\/fr\/wp-json\/wp\/v2\/comments?post=15964"}],"version-history":[{"count":2,"href":"https:\/\/www.krupps.com\/fr\/wp-json\/wp\/v2\/pages\/15964\/revisions"}],"predecessor-version":[{"id":17819,"href":"https:\/\/www.krupps.com\/fr\/wp-json\/wp\/v2\/pages\/15964\/revisions\/17819"}],"wp:attachment":[{"href":"https:\/\/www.krupps.com\/fr\/wp-json\/wp\/v2\/media?parent=15964"}],"curies":[{"name":"wp","href":"https:\/\/api.w.org\/{rel}","templated":true}]}}